{"id":2867,"date":"2023-02-17T13:31:51","date_gmt":"2023-02-17T12:31:51","guid":{"rendered":"https:\/\/assistereinfamiglia.org\/?page_id=2867"},"modified":"2026-02-12T11:29:30","modified_gmt":"2026-02-12T10:29:30","slug":"misura-b1","status":"publish","type":"page","link":"https:\/\/assistereinfamiglia.ats-brianza.it\/?page_id=2867","title":{"rendered":"Misura B1"},"content":{"rendered":"<style>.kb-row-layout-wrap.wp-block-kadence-rowlayout.kb-row-layout-id2867_3b8a2c-c9{margin-top:0px;margin-bottom:0px;}.kb-row-layout-id2867_3b8a2c-c9 > .kt-row-column-wrap{align-content:start;}:where(.kb-row-layout-id2867_3b8a2c-c9 > .kt-row-column-wrap) > .wp-block-kadence-column{justify-content:start;}.kb-row-layout-id2867_3b8a2c-c9 > .kt-row-column-wrap{column-gap:var(--global-kb-gap-md, 2rem);row-gap:var(--global-kb-gap-md, 2rem);max-width:var( --global-content-width, 1290px );padding-left:var(--global-content-edge-padding);padding-right:var(--global-content-edge-padding);padding-top:80px;padding-right:0px;padding-bottom:80px;padding-left:0px;grid-template-columns:minmax(0, 1fr);}.kb-row-layout-id2867_3b8a2c-c9 > .kt-row-layout-overlay{opacity:0.30;}@media all and (max-width: 1024px){.kb-row-layout-id2867_3b8a2c-c9 > .kt-row-column-wrap{padding-top:80px;padding-right:30px;padding-bottom:70px;padding-left:30px;grid-template-columns:minmax(0, 1fr);}}@media all and (max-width: 767px){.kb-row-layout-id2867_3b8a2c-c9 > .kt-row-column-wrap{padding-top:50px;padding-right:15px;padding-bottom:60px;padding-left:15px;grid-template-columns:minmax(0, 1fr);}}<\/style><div class=\"kb-row-layout-wrap kb-row-layout-id2867_3b8a2c-c9 alignnone wp-block-kadence-rowlayout\"><div class=\"kt-row-column-wrap kt-has-1-columns kt-row-layout-equal kt-tab-layout-inherit kt-mobile-layout-row kt-row-valign-top kb-theme-content-width\">\n<style>.kadence-column2867_9a6ac4-ad > .kt-inside-inner-col{padding-top:0px;padding-right:0px;padding-bottom:0px;padding-left:0px;}.kadence-column2867_9a6ac4-ad > .kt-inside-inner-col,.kadence-column2867_9a6ac4-ad > .kt-inside-inner-col:before{border-top-left-radius:0px;border-top-right-radius:0px;border-bottom-right-radius:0px;border-bottom-left-radius:0px;}.kadence-column2867_9a6ac4-ad > .kt-inside-inner-col{column-gap:var(--global-kb-gap-sm, 1rem);}.kadence-column2867_9a6ac4-ad > .kt-inside-inner-col{flex-direction:column;}.kadence-column2867_9a6ac4-ad > .kt-inside-inner-col > .aligncenter{width:100%;}.kadence-column2867_9a6ac4-ad > .kt-inside-inner-col:before{opacity:0.3;}.kadence-column2867_9a6ac4-ad{position:relative;}.kadence-column2867_9a6ac4-ad, .kt-inside-inner-col > .kadence-column2867_9a6ac4-ad:not(.specificity){margin-top:0px;margin-right:0px;margin-bottom:0px;margin-left:0px;}@media all and (max-width: 1024px){.kadence-column2867_9a6ac4-ad > .kt-inside-inner-col{flex-direction:column;justify-content:center;}}@media all and (max-width: 767px){.kadence-column2867_9a6ac4-ad > .kt-inside-inner-col{flex-direction:column;justify-content:center;}.kadence-column2867_9a6ac4-ad, .kt-inside-inner-col > .kadence-column2867_9a6ac4-ad:not(.specificity){margin-top:0px;margin-right:0px;margin-bottom:0px;margin-left:0px;}}<\/style>\n<div class=\"wp-block-kadence-column kadence-column2867_9a6ac4-ad inner-column-1\"><div class=\"kt-inside-inner-col\"><style>.kb-row-layout-wrap.wp-block-kadence-rowlayout.kb-row-layout-id2867_174c33-8f{margin-top:50px;margin-bottom:0px;}.kb-row-layout-id2867_174c33-8f > .kt-row-column-wrap{align-content:start;}:where(.kb-row-layout-id2867_174c33-8f > .kt-row-column-wrap) > .wp-block-kadence-column{justify-content:start;}.kb-row-layout-id2867_174c33-8f > .kt-row-column-wrap{column-gap:var(--global-kb-gap-md, 2rem);row-gap:var(--global-kb-gap-md, 2rem);padding-top:0px;padding-right:0px;padding-bottom:0px;padding-left:0px;grid-template-columns:minmax(0, 1fr);}.kb-row-layout-id2867_174c33-8f{border-top-left-radius:6px;border-top-right-radius:6px;border-bottom-right-radius:6px;border-bottom-left-radius:6px;overflow:clip;isolation:isolate;}.kb-row-layout-id2867_174c33-8f > .kt-row-layout-overlay{border-top-left-radius:6px;border-top-right-radius:6px;border-bottom-right-radius:6px;border-bottom-left-radius:6px;}.kb-row-layout-id2867_174c33-8f > .kt-row-layout-overlay{opacity:0.30;}@media all and (max-width: 1024px){.kb-row-layout-id2867_174c33-8f > .kt-row-column-wrap{grid-template-columns:minmax(0, 1fr);}}@media all and (max-width: 767px){.kb-row-layout-wrap.wp-block-kadence-rowlayout.kb-row-layout-id2867_174c33-8f{margin-top:30px;margin-bottom:0px;}.kb-row-layout-id2867_174c33-8f > .kt-row-column-wrap{grid-template-columns:minmax(0, 1fr);}}<\/style><div class=\"kb-row-layout-wrap kb-row-layout-id2867_174c33-8f alignnone has-theme-palette9-background-color kt-row-has-bg wp-block-kadence-rowlayout\"><div class=\"kt-row-column-wrap kt-has-1-columns kt-row-layout-equal kt-tab-layout-inherit kt-mobile-layout-row kt-row-valign-top\">\n<style>.kadence-column2867_764d60-21 > .kt-inside-inner-col{padding-top:10px;padding-right:10px;padding-bottom:10px;padding-left:10px;}.kadence-column2867_764d60-21 > .kt-inside-inner-col,.kadence-column2867_764d60-21 > .kt-inside-inner-col:before{border-top-left-radius:0px;border-top-right-radius:0px;border-bottom-right-radius:0px;border-bottom-left-radius:0px;}.kadence-column2867_764d60-21 > .kt-inside-inner-col{column-gap:var(--global-kb-gap-sm, 1rem);}.kadence-column2867_764d60-21 > .kt-inside-inner-col{flex-direction:column;}.kadence-column2867_764d60-21 > .kt-inside-inner-col > .aligncenter{width:100%;}.kadence-column2867_764d60-21 > .kt-inside-inner-col:before{opacity:0.3;}.kadence-column2867_764d60-21{position:relative;}@media all and (max-width: 1024px){.kadence-column2867_764d60-21 > .kt-inside-inner-col{flex-direction:column;justify-content:center;}}@media all and (max-width: 767px){.kadence-column2867_764d60-21 > .kt-inside-inner-col{flex-direction:column;justify-content:center;}}<\/style>\n<div class=\"wp-block-kadence-column kadence-column2867_764d60-21 inner-column-1\"><div class=\"kt-inside-inner-col\"><style>.wp-block-kadence-advancedheading.kt-adv-heading2867_b81362-ac, .wp-block-kadence-advancedheading.kt-adv-heading2867_b81362-ac[data-kb-block=\"kb-adv-heading2867_b81362-ac\"]{margin-top:10px;margin-right:0px;margin-bottom:27px;margin-left:0px;font-size:40px;line-height:1em;font-style:normal;color:#285238;}.wp-block-kadence-advancedheading.kt-adv-heading2867_b81362-ac mark.kt-highlight, .wp-block-kadence-advancedheading.kt-adv-heading2867_b81362-ac[data-kb-block=\"kb-adv-heading2867_b81362-ac\"] mark.kt-highlight{font-style:normal;color:#f76a0c;-webkit-box-decoration-break:clone;box-decoration-break:clone;padding-top:0px;padding-right:0px;padding-bottom:0px;padding-left:0px;}.wp-block-kadence-advancedheading.kt-adv-heading2867_b81362-ac img.kb-inline-image, .wp-block-kadence-advancedheading.kt-adv-heading2867_b81362-ac[data-kb-block=\"kb-adv-heading2867_b81362-ac\"] img.kb-inline-image{width:150px;vertical-align:baseline;}@media all and (max-width: 1024px){.wp-block-kadence-advancedheading.kt-adv-heading2867_b81362-ac, .wp-block-kadence-advancedheading.kt-adv-heading2867_b81362-ac[data-kb-block=\"kb-adv-heading2867_b81362-ac\"]{font-size:34px;line-height:1em;}}@media all and (max-width: 767px){.wp-block-kadence-advancedheading.kt-adv-heading2867_b81362-ac, .wp-block-kadence-advancedheading.kt-adv-heading2867_b81362-ac[data-kb-block=\"kb-adv-heading2867_b81362-ac\"]{font-size:28px;line-height:1em;}}<\/style>\n<h2 class=\"kt-adv-heading2867_b81362-ac custom-h1 wp-block-kadence-advancedheading\" data-kb-block=\"kb-adv-heading2867_b81362-ac\">Misura b1<\/h2>\n\n\n<style>.wp-block-kadence-advancedheading.kt-adv-heading2867_9847bf-aa, .wp-block-kadence-advancedheading.kt-adv-heading2867_9847bf-aa[data-kb-block=\"kb-adv-heading2867_9847bf-aa\"]{font-style:normal;}.wp-block-kadence-advancedheading.kt-adv-heading2867_9847bf-aa mark.kt-highlight, .wp-block-kadence-advancedheading.kt-adv-heading2867_9847bf-aa[data-kb-block=\"kb-adv-heading2867_9847bf-aa\"] mark.kt-highlight{font-style:normal;color:#f76a0c;-webkit-box-decoration-break:clone;box-decoration-break:clone;padding-top:0px;padding-right:0px;padding-bottom:0px;padding-left:0px;}.wp-block-kadence-advancedheading.kt-adv-heading2867_9847bf-aa img.kb-inline-image, .wp-block-kadence-advancedheading.kt-adv-heading2867_9847bf-aa[data-kb-block=\"kb-adv-heading2867_9847bf-aa\"] img.kb-inline-image{width:150px;vertical-align:baseline;}<\/style>\n<h3 class=\"kt-adv-heading2867_9847bf-aa wp-block-kadence-advancedheading\" data-kb-block=\"kb-adv-heading2867_9847bf-aa\"><strong><strong>MISURA B1<\/strong>&nbsp;<strong>e VOUCHER SOCIOSANITARIO<\/strong><\/strong><\/h3>\n\n\n\n<h2 class=\"wp-block-heading\"><strong>Programma operativo regionale a favore di persone anziane non autosufficienti ad alto e basso bisogno assistenziale e persone con disabilit\u00e0 e necessit\u00e0 di sostegno intensivo elevato \u2013 Fondo per le non autosufficienze 2024 esercizio 2025 \u2013 Misura B1<\/strong><\/h2>\n\n\n\n<p>Regione Lombardia con&nbsp;<strong>DGR N\u00b0XII\/3719 del 30\/12\/2024<\/strong>&nbsp;ha definito il&nbsp;<strong>\u201c<em>Programma Operativo regionale a favore di persone non autosufficienti ad alto e basso bisogno assistenziale e persone con disabilit\u00e0 e necessit\u00e0 di sostegno intensivo elevato e molto elevato -fondo per le non autosufficienze 2024 esercizio 2025\u201d<\/em><\/strong><\/p>\n\n\n\n<p><strong>IN COSA CONSISTE LA&nbsp;MISURA&nbsp;B1<\/strong><\/p>\n\n\n\n<p>La&nbsp;Misura&nbsp;B1&nbsp;\u00e8 un&nbsp;<strong>sostegno per la persona anziana non autosufficiente ad alto bisogno assistenziale e per la persona con disabilit\u00e0 e necessit\u00e0 di sostegno intensivo molto elevato,<\/strong>&nbsp;assistita a domicilio, e al suo caregiver familiare. Si realizza attraverso l\u2019erogazione di un contributo economico mensile ed eventuale voucher sociosanitario, per promuovere il benessere e la qualit\u00e0 di vita, per favorire la domiciliarit\u00e0 e l\u2019inclusione sociale.<\/p>\n\n\n\n<p><strong>REQUISITI DI ACCESSO ALLA&nbsp;MISURA&nbsp;B1<\/strong><\/p>\n\n\n\n<p>La&nbsp;Misura&nbsp;B1&nbsp;\u00e8 destinata alle persone anziane non autosufficienti con alto bisogno assistenziale e alle persone con disabilit\u00e0 e necessit\u00e0 di sostegno intensivo molto elevato.<\/p>\n\n\n\n<p>I destinatari della Misura sono coloro che si trovano in una delle condizioni elencate nel Decreto interministeriale<a href=\"https:\/\/www.ats-brianza.it\/images\/pdf\/curedomiciliari\/Decreto%20Interministeriale%20del%2029.09.16.pdf\">&nbsp;Fondo Nazionale per le Non Autosufficienze (FNA) anno 2016,<\/a>&nbsp;all\u2019art 2, comma 2, lettere da a) ad i), riconfermate all\u2019art 2, comma 2 del DPCM 21\/11\/2019&nbsp;e che siano:<\/p>\n\n\n\n<p><strong>1.&nbsp;&nbsp;&nbsp;&nbsp;&nbsp;<\/strong>assistite a domicilio;<\/p>\n\n\n\n<p><strong>2.&nbsp;&nbsp;&nbsp;&nbsp;&nbsp;<\/strong>beneficiarie dell&#8217;indennit\u00e0 di accompagnamento, di cui alla l. n. 18\/1980 oppure definite non autosufficienti ai sensi dell&#8217;allegato 3 del d.p.c.m. n. 159\/2013;<\/p>\n\n\n\n<p><strong>3.&nbsp;&nbsp;&nbsp;&nbsp;&nbsp;<\/strong>residenti in Lombardia;<\/p>\n\n\n\n<p><strong>4.&nbsp;&nbsp;&nbsp;&nbsp;&nbsp;<\/strong>di qualsiasi et\u00e0;<\/p>\n\n\n\n<p><strong>5.&nbsp;&nbsp;&nbsp;&nbsp;&nbsp;<\/strong>con ISEE sociosanitario inferiore o uguale a \u20ac 50.000 per adulti\/anziani e con ISEE ordinario inferiore o uguale a \u20ac 65.000,00 se minori;<\/p>\n\n\n\n<p><strong>6.&nbsp;&nbsp;&nbsp;&nbsp;&nbsp;<\/strong>per le quali si sia verificata almeno una delle seguenti&nbsp;<strong>condizioni di cui al<\/strong><strong>&nbsp;Decreto FNA anno 2016<\/strong><\/p>\n\n\n\n<p><strong>a-&nbsp;&nbsp;&nbsp;&nbsp;&nbsp;<\/strong>Persone in stato di coma, Stato Vegetativo (SV) oppure Stato di Minima Coscienza SMC) e con punteggio nella scala Glasgow Come Scale (GCS)&lt;=10;<\/p>\n\n\n\n<p><strong>b-&nbsp;&nbsp;&nbsp;&nbsp;&nbsp;<\/strong>Persone dipendenti da ventilazione meccanica assistita non invasiva continuativa (24\/7);<\/p>\n\n\n\n<p><strong>c-&nbsp;&nbsp;&nbsp;&nbsp;&nbsp;<\/strong>Persone con grave o gravissimo stato di demenza con un punteggio della scala&nbsp;<em>Clinical Dementia Rating Scale<\/em>&nbsp;(CDRS)&gt;=4;<\/p>\n\n\n\n<p><strong>d-&nbsp;&nbsp;&nbsp;&nbsp;&nbsp;<\/strong>Persone con lesioni spinali fra C0\/C5, di qualsiasi natura, con livello della lesione, identificata dal livello sulla scala&nbsp;<em>ASIA Impairment Scale (AIS)<\/em>&nbsp;di grado A o B. Nel caso di lesioni con esiti asimmetrici ambedue le lateralit\u00e0 devono essere valutate con lesione di grado A o B;<\/p>\n\n\n\n<p><strong>e-&nbsp;&nbsp;&nbsp;&nbsp;&nbsp;<\/strong>Persone con gravissima compromissione motoria da patologia neurologica o muscolare, valutate con la scala, tra le seguenti, appropriata in relazione alla patologia<em>: Medical Research Council (MRC<\/em>) con bilancio muscolare complessivo &lt;=1 ai 4 arti,&nbsp;<em>Epanded Disability Status Scale (EDSS)<\/em>&nbsp;con punteggio&gt;=9&nbsp;<em>Hoen e Yahr mod<\/em>&nbsp;in stadio 5.<\/p>\n\n\n\n<p><strong>f-&nbsp;&nbsp;&nbsp;&nbsp;&nbsp;&nbsp;<\/strong>Persone con deprivazione sensoriale complessa intesa come compresenza di minorazione visiva totale o con residuo visivo non superiore a 1\/20 in entrambi gli occhi o nell\u2019occhio migliore, anche con eventuale correzione o con residuo perimetrico binoculare inferiore al 10 per cento e ipoacusia, a prescindere dall\u2019epoca di insorgenza, pari o superiore a 90 decibel HTL di media fra le frequenze 500, 1000, 200 hertz nell\u2019orecchio migliore;<\/p>\n\n\n\n<p><strong>g-&nbsp;&nbsp;&nbsp;&nbsp;&nbsp;<\/strong>Persone con gravissima disabilit\u00e0 comportamentale dello spettro autistico ascritta al livello 3 della classificazione del DSM-5<\/p>\n\n\n\n<p><strong>h-&nbsp;&nbsp;&nbsp;&nbsp;&nbsp;<\/strong>Persone con diagnosi di Ritardo Mentale Grave o Profondo secondo classificazione DSM-5, con QI&lt;=34 e con punteggio sulla scala Level of Activity in Profound\/Severe Mental Retardation (LAPMER)&lt;=8;<\/p>\n\n\n\n<p><strong>i-&nbsp;&nbsp;&nbsp;&nbsp;&nbsp;&nbsp;<\/strong>Ogni altra persona in condizione di dipendenza vitale con necessit\u00e0 di assistenza continua e monitoraggio nelle 24 ore, sette giorni su sette, per bisogni complessi derivanti dalle gravi condizioni psicofisiche.<\/p>\n\n\n\n<p><strong>STRUMENTI PREVISTI PER I DESTINATARI MISURA&nbsp;B1<\/strong><\/p>\n\n\n\n<p>Gli strumenti sono rappresentati da&nbsp;<strong>contributi economici mensili in danaro (buono<\/strong>) e da prestazioni \/servizi in (<strong>voucher socio-sanitario<\/strong>) erogati da ATS previa verifica, valutazione multidimensionale e stesura del progetto individuale da parte dell\u2019ASST di riferimento.<\/p>\n\n\n\n<p>L\u2019importo mensile varia in base alla tipologia di bisogno e alla presenza o meno di personale d\u2019assistenza regolarmente impiegato (<strong>assunto direttamente dalla persona con disabilita\/famiglia con regolare contratto oppure fornito da ente Terzo o da operatore a prestazione professionale<\/strong>) il valore economico \u00e8 definitivo dalla normativa in vigore.<\/p>\n\n\n\n<p><strong>Il buono pu\u00f2 essere integrato con prestazioni in voucher sociosanitario e autismo.<\/strong>&nbsp;Il voucher \u00e8 un titolo d\u2019acquisto non in denaro, che pu\u00f2 essere utilizzato esclusivamente per acquistare prestazioni di assistenza sociosanitaria da parte di Gestori accreditati e a contratto con ATS.<\/p>\n\n\n\n<p>Il voucher sociosanitario ed autismo pu\u00f2 essere riconosciuto:<\/p>\n\n\n\n<p>&#8211;&nbsp;&nbsp;&nbsp;&nbsp;&nbsp;&nbsp; Ai beneficiari del buono mensile Misura B1 se previsto nel progetto individuale;<\/p>\n\n\n\n<p>&#8211;&nbsp;&nbsp;&nbsp;&nbsp;&nbsp;&nbsp; Alla persona che \u00e8 non \u00e8 beneficiaria del buono mensile ma si trova nelle condizioni di disabilit\u00e0 gravissima (di cui DM FNA del 2016) senza tenere in considerazione le soglie ISEE; in tal caso occorre presentare apposita domanda presso l\u2019ASST di riferimento.<\/p>\n\n\n\n<p><strong>A CHI RIVOLGERSI PER LA&nbsp;MISURA&nbsp;B1<\/strong><\/p>\n\n\n\n<p>Per ottenere i contributi (buono\/voucher) previsti dalla&nbsp;misura&nbsp;B1&nbsp;<strong>occorre presentare formale domanda<\/strong>&nbsp;presso la propria ASST di residenza. Le domande devono essere effettuate sia dalle persone, gi\u00e0 riconosciute con gravissima disabilit\u00e0&nbsp;Misura&nbsp;B1(<strong>modulo domanda per prosecuzione<\/strong>) in carico al 31.12.2024, sia per i nuovi accessi.<\/p>\n\n\n\n<p>L<strong>a domanda di primo accesso potr\u00e0 essere presentata dal 1\u00b0 marzo 2025 fino al 31 ottobre 2025 con l\u2019apposita modulistica&nbsp;<\/strong>(<strong>modulo domanda primo accesso<\/strong>)<\/p>\n\n\n\n<p>Le domande vanno indirizzate&nbsp;<strong>all\u2019ASST di riferimento<\/strong>&nbsp;dove una \u00e9quipe di operatori esperti (EVM- \u00e9quipe di valutazione multidimensionale) previa valutazione dei bisogni della persona, con gravissima disabilit\u00e0 nel suo contesto di vita abituale, anche effettuata presso il domicilio, predisporr\u00e0 il&nbsp;<strong>Progetto Individuale di Assistenza<\/strong>. Il Progetto Individuale, condiviso e sottoscritto dall\u2019interessato\/caregiver (familiare di riferimento che si fa carico dell\u2019assistenza) dovr\u00e0 prevedere gli obiettivi di cura con descrizione degli interventi\/attivit\u00e0 da sostenere con i buoni e i voucher previsti dalla&nbsp;Misura&nbsp;B1.<\/p>\n\n\n\n<p>L\u2019erogazione dei contributi e dei voucher avviene da parte dell\u2019ATS a fronte del Progetto definito dall\u2019ASST e previa verifica del mantenimento dei requisiti dei beneficiari. L\u2019erogazione \u00e8 assicurata fino all\u2019esaurimento delle risorse assegnate dalla Regione all\u2019ATS.<\/p>\n\n\n\n<p><strong>INCOMPATIBILIT\u00c0<\/strong><\/p>\n\n\n\n<p>La Misura \u00e8 incompatibile in caso di:<\/p>\n\n\n\n<ul class=\"wp-block-list\">\n<li>accoglienza definitiva presso Unit\u00e0 d\u2019offerta residenziali sociosanitarie o sociali (es. RSA, RSD, CSS, Hospice, Misura Residenzialit\u00e0 per minori con gravissima disabilit\u00e0, CA) anche nei casi di completa solvenza;<\/li>\n\n\n\n<li>Misura B2;<\/li>\n\n\n\n<li>Misura RSA aperta ex DGR n. 7769\/2018;<\/li>\n\n\n\n<li>Prestazione Universale di cui agli artt.34-36 del D.lgs 29\/2024;<\/li>\n\n\n\n<li>ricovero di sollievo nel caso in cui il costo del ricovero sia a totale carico del Fondo Sanitario Regionale;<\/li>\n\n\n\n<li>presa in carico in Unit\u00e0 d\u2019offerta semiresidenziali sanitarie, sociosanitarie o sociali &gt; = 18 ore (es. regime semiresidenziale di Neuropsichiatria Infanzia e Adolescenza, riabilitazione in diurno continuo, CDD, CDI, CSE, presa in carico con Sperimentazioni riabilitazione minori disabili in regime diurno ex DGR 3239\/2012);<\/li>\n\n\n\n<li>Home Care Premium\/INPS HCP;<\/li>\n\n\n\n<li>contributo da risorse progetti di vita indipendente &#8211; PRO.VI \u2013 per onere assistente personale regolarmente impiegato.<\/li>\n<\/ul>\n\n\n\n<p><br><strong>DURATA DEL PROGRAMMA E TEMPISTICHE DI PRESENTAZIONE DELLE DOMANDE NEL 2025<\/strong><\/p>\n\n\n\n<p>Il programma operativo ha&nbsp;validit\u00e0 annuale con scadenza al 31.12.2025 e prevede la presentazione di specifica domanda, anche per le persone gi\u00e0 in carico alla Misura B1 al 31.12.2024.<\/p>\n\n\n\n<p>La domanda per le&nbsp;<strong>persone gi\u00e0 in carico<\/strong>&nbsp;alla Misura B1 al 31.12.2024 va presentata&nbsp;<strong>entro il 28 febbraio 2025<\/strong>.<\/p>\n\n\n\n<p>La domanda di&nbsp;<strong>nuovo accesso<\/strong>&nbsp;alla Misura B1 pu\u00f2 essere presentata a partire&nbsp;<strong>dal 1\u00b0 marzo fino al 31 ottobre 2025.<\/strong><\/p>\n\n\n\n<p><strong><em>L\u2019erogazione dei benefici avverr\u00e0 fino al 31.12.2025<\/em><\/strong><strong><em>&nbsp;e comunque fino ad esaurimento delle risorse disponibili assegnate dalla Regione alle ATS, che provvederanno all\u2019erogazione dei contributi in base alla predisposizione di elenchi mensili, secondo indicazioni regionali.<\/em><\/strong><\/p>\n\n\n\n<p><strong>Per informazioni o chiarimenti contattare l\u2019ASST di riferimento<\/strong>.<\/p>\n\n\n\n<p><strong>RESPONSABILE PER ATS BRIANZA:<\/strong>&nbsp;<strong>SC Area Anziani-SS Servizi per la Domiciliarit\u00e0<\/strong><\/p>\n\n\n\n<p><a href=\"mailto:misura.b1@ats-brianza.it\">misura.b1@ats-brianza.it<\/a>&nbsp;Tel. 039\/2384365&nbsp;.<\/p>\n\n\n\n<p><\/p>\n\n\n\n<ul class=\"wp-block-list\">\n<li><strong><a href=\"https:\/\/www.ats-brianza.it\/images\/ALTRO\/b1-2024\/_domanda-primo-accesso-misura-b12025-1.pdf\" target=\"_blank\" rel=\"noreferrer noopener\">Modulo domanda primo accesso<\/a><\/strong><\/li>\n\n\n\n<li><strong><a href=\"https:\/\/www.ats-brianza.it\/images\/pdf\/disabili\/misurab1\/2025_domanda-di-prosecuzione-misura-b1_-3.pdf\" target=\"_blank\" rel=\"noreferrer noopener\">Modulo domanda proseguimento<\/a><\/strong><\/li>\n\n\n\n<li><strong><a href=\"https:\/\/www.ats-brianza.it\/images\/ALTRO\/b1-2024\/domanda-voucher-misura-b1.pdf\" target=\"_blank\" rel=\"noreferrer noopener\">Modulo domanda Voucher<\/a>\u00a0<\/strong><\/li>\n\n\n\n<li><strong>ASST di riferimento<\/strong><strong>:<\/strong>\n<ul class=\"wp-block-list\">\n<li><strong>ASST Brianza<\/strong>&nbsp;<a href=\"https:\/\/www.asst-brianza.it\/web\/index.php\/presidi\/area\/39\">Azienda Socio-Sanitaria Territoriale (ASST) della Brianza<\/a><\/li>\n\n\n\n<li><strong>ASST Lecco<\/strong>&nbsp;<a href=\"https:\/\/www.asst-lecco.it\/direzione-generale\/coordinamento-disabilita-e-fragilita\/\">Coordinamento disabilit\u00e0 e fragilit\u00e0 \u2013 ASST Lecco&nbsp;<\/a><\/li>\n<\/ul>\n<\/li>\n<\/ul>\n\n\n\n<p><strong>&nbsp;Allegati<\/strong><\/p>\n\n\n\n<p><strong>&nbsp;<\/strong>La normativa di riferimento \u00e8 reperibile anche alla pagina:<\/p>\n\n\n\n<p><a href=\"https:\/\/www.regione.lombardia.it\/wps\/portal\/istituzionale\/HP\/DettaglioRedazionale\/servizi-e-informazioni\/Enti-e-Operatori\/sistema-sociale-regionale\/determinazioni-Misura-B1-disabilita-gravissima\/determinazioni-Misura-B1-disabilita-gravissima\" target=\"_blank\" rel=\"noreferrer noopener\">Fondo Nazionale per la Non Autosufficienza e Programma Operativo Regionale per la disabilit\u00e0 gravissima: Misura B1 (regione.lombardia.it)<\/a><\/p>\n\n\n\n<p><\/p>\n\n\n\n<h2 class=\"wp-block-heading\">&nbsp;<\/h2>\n<\/div><\/div>\n\n<\/div><\/div>\n\n<style>.kb-row-layout-wrap.wp-block-kadence-rowlayout.kb-row-layout-id2867_427d56-c9{margin-top:50px;margin-bottom:0px;}.kb-row-layout-id2867_427d56-c9 > .kt-row-column-wrap{align-content:start;}:where(.kb-row-layout-id2867_427d56-c9 > .kt-row-column-wrap) > .wp-block-kadence-column{justify-content:start;}.kb-row-layout-id2867_427d56-c9 > .kt-row-column-wrap{column-gap:var(--global-kb-gap-md, 2rem);row-gap:var(--global-kb-gap-md, 2rem);padding-top:0px;padding-right:0px;padding-bottom:0px;padding-left:0px;grid-template-columns:minmax(0, 1fr);}.kb-row-layout-id2867_427d56-c9{border-top-left-radius:6px;border-top-right-radius:6px;border-bottom-right-radius:6px;border-bottom-left-radius:6px;overflow:clip;isolation:isolate;}.kb-row-layout-id2867_427d56-c9 > .kt-row-layout-overlay{border-top-left-radius:6px;border-top-right-radius:6px;border-bottom-right-radius:6px;border-bottom-left-radius:6px;}.kb-row-layout-id2867_427d56-c9 > .kt-row-layout-overlay{opacity:0.30;}@media all and (max-width: 1024px){.kb-row-layout-id2867_427d56-c9 > .kt-row-column-wrap{grid-template-columns:minmax(0, 1fr);}}@media all and (max-width: 767px){.kb-row-layout-wrap.wp-block-kadence-rowlayout.kb-row-layout-id2867_427d56-c9{margin-top:30px;margin-bottom:0px;}.kb-row-layout-id2867_427d56-c9 > .kt-row-column-wrap{grid-template-columns:minmax(0, 1fr);}}<\/style><div class=\"kb-row-layout-wrap kb-row-layout-id2867_427d56-c9 alignnone has-theme-palette9-background-color kt-row-has-bg wp-block-kadence-rowlayout\"><div class=\"kt-row-column-wrap kt-has-1-columns kt-row-layout-equal kt-tab-layout-inherit kt-mobile-layout-row kt-row-valign-top\">\n<style>.kadence-column2867_b3e239-d8 > .kt-inside-inner-col{padding-top:10px;padding-right:10px;padding-bottom:10px;padding-left:10px;}.kadence-column2867_b3e239-d8 > .kt-inside-inner-col,.kadence-column2867_b3e239-d8 > .kt-inside-inner-col:before{border-top-left-radius:0px;border-top-right-radius:0px;border-bottom-right-radius:0px;border-bottom-left-radius:0px;}.kadence-column2867_b3e239-d8 > .kt-inside-inner-col{column-gap:var(--global-kb-gap-sm, 1rem);}.kadence-column2867_b3e239-d8 > .kt-inside-inner-col{flex-direction:column;}.kadence-column2867_b3e239-d8 > .kt-inside-inner-col > .aligncenter{width:100%;}.kadence-column2867_b3e239-d8 > .kt-inside-inner-col:before{opacity:0.3;}.kadence-column2867_b3e239-d8{position:relative;}@media all and (max-width: 1024px){.kadence-column2867_b3e239-d8 > .kt-inside-inner-col{flex-direction:column;justify-content:center;}}@media all and (max-width: 767px){.kadence-column2867_b3e239-d8 > .kt-inside-inner-col{flex-direction:column;justify-content:center;}}<\/style>\n<div class=\"wp-block-kadence-column kadence-column2867_b3e239-d8 inner-column-1\"><div class=\"kt-inside-inner-col\">\n<p><\/p>\n<\/div><\/div>\n\n<\/div><\/div><\/div><\/div>\n\n<\/div><\/div>","protected":false},"excerpt":{"rendered":"<p>Misura b1 MISURA B1&nbsp;e VOUCHER SOCIOSANITARIO Programma operativo regionale a favore di persone anziane non autosufficienti ad alto e basso bisogno assistenziale e persone con disabilit\u00e0 e necessit\u00e0 di sostegno intensivo elevato \u2013 Fondo per le non autosufficienze 2024 esercizio 2025 \u2013 Misura B1 Regione Lombardia con&nbsp;DGR N\u00b0XII\/3719 del 30\/12\/2024&nbsp;ha definito il&nbsp;\u201cProgramma Operativo regionale a&#8230;<\/p>\n","protected":false},"author":2,"featured_media":0,"parent":0,"menu_order":0,"comment_status":"closed","ping_status":"closed","template":"","meta":{"_kad_post_transparent":"","_kad_post_title":"","_kad_post_layout":"","_kad_post_sidebar_id":"","_kad_post_content_style":"","_kad_post_vertical_padding":"","_kad_post_feature":"","_kad_post_feature_position":"","_kad_post_header":false,"_kad_post_footer":false,"_kad_post_classname":"","iawp_total_views":1084,"footnotes":""},"class_list":["post-2867","page","type-page","status-publish","hentry"],"_links":{"self":[{"href":"https:\/\/assistereinfamiglia.ats-brianza.it\/index.php?rest_route=\/wp\/v2\/pages\/2867","targetHints":{"allow":["GET"]}}],"collection":[{"href":"https:\/\/assistereinfamiglia.ats-brianza.it\/index.php?rest_route=\/wp\/v2\/pages"}],"about":[{"href":"https:\/\/assistereinfamiglia.ats-brianza.it\/index.php?rest_route=\/wp\/v2\/types\/page"}],"author":[{"embeddable":true,"href":"https:\/\/assistereinfamiglia.ats-brianza.it\/index.php?rest_route=\/wp\/v2\/users\/2"}],"replies":[{"embeddable":true,"href":"https:\/\/assistereinfamiglia.ats-brianza.it\/index.php?rest_route=%2Fwp%2Fv2%2Fcomments&post=2867"}],"version-history":[{"count":10,"href":"https:\/\/assistereinfamiglia.ats-brianza.it\/index.php?rest_route=\/wp\/v2\/pages\/2867\/revisions"}],"predecessor-version":[{"id":4766,"href":"https:\/\/assistereinfamiglia.ats-brianza.it\/index.php?rest_route=\/wp\/v2\/pages\/2867\/revisions\/4766"}],"wp:attachment":[{"href":"https:\/\/assistereinfamiglia.ats-brianza.it\/index.php?rest_route=%2Fwp%2Fv2%2Fmedia&parent=2867"}],"curies":[{"name":"wp","href":"https:\/\/api.w.org\/{rel}","templated":true}]}}